{"id":1135,"date":"2019-10-30T10:55:17","date_gmt":"2019-10-30T09:55:17","guid":{"rendered":"http:\/\/www.rodzice.wiwi.pl\/?page_id=1135"},"modified":"2020-07-15T13:34:37","modified_gmt":"2020-07-15T11:34:37","slug":"wplaty","status":"publish","type":"page","link":"https:\/\/rodziceszkole.edu.pl\/en\/wplaty\/","title":{"rendered":"Wp\u0142aty"},"content":{"rendered":"<p>Je\u015bli podobnie jak my, uwa\u017casz \u017ce:<\/p>\n\n\n\n<ul class=\"wp-block-list\"><li> polityka  o\u015bwiatowa powinna s\u0142u\u017cy\u0107 rodzinie, <\/li><li> w szkole musz\u0105 by\u0107 respektowane prawa rodzic\u00f3w, <\/li><li> warunkiem zbudowania o\u015bwiaty na miar\u0119 wyzwa\u0144 XXI wieku jest wsp\u00f3\u0142praca wszystkich uczestnik\u00f3w \u017cycia szkolnego <\/li><\/ul>\n\n\n\n<p>do\u0142\u0105cz do grona Darczy\u0144c\u00f3w fundacji. Wspieraj nas co miesi\u0105c dowoln\u0105 kwot\u0105. <\/p>\n\n\n\n<p>Je\u015bli chcesz mo\u017cesz ustawi\u0107 sta\u0142e zlecenie na swoim koncie.<\/p>\n\n\n\n<p>Wa\u017cna jest regularno\u015b\u0107. Wiedz\u0105c o Twoim wsparciu b\u0119dziemy mogli planowa\u0107 kolejne dzia\u0142ania. Bez Twojej pomocy zdzia\u0142amy niewiele.<br><br><\/p>\n\n\n\n<h4 class=\"wp-block-heading\">WP\u0141ATY NA NUMER KONTA:<br><\/h4>\n\n\n\n<h4 class=\"wp-block-heading\"><strong>Alior Bank S.A.<\/strong> 84 2490 0005 0000 4530 6023 3630  ul. Szajnochy 11 lok. 2 01-637 Warszawa <\/h4>\n\n\n\n<p>Fundacja &#8220;Rodzice Szkole&#8221;<br>KRS nr 0000268115<br>NIP:\u00a0 525 &#8211; 23 &#8211; 85 &#8211; 781<br>REGON 140781919<\/p>\n\n\n\n<p><strong>Szanowni Pa\u0144stwo,<\/strong> Fundacja \u201eRodzice Szkole\u201d, w swych dzia\u0142aniach, stara si\u0119 s\u0142u\u017cy\u0107 budowaniu niezb\u0119dnego dla rozwoju kraju, kapita\u0142u spo\u0142ecznego i spo\u0142ecze\u0144stwa obywatelskiego. Adresatami naszych dzia\u0142a\u0144 s\u0105, przede wszystkim, \u015brodowiska o\u015bwiatowe: rodzice, nauczyciele, uczniowie i pracownicy administracji samorz\u0105dowej. <br> Nasze dzia\u0142ania wspiera Rada Fundacji, w sk\u0142ad kt\u00f3rej wchodz\u0105:<\/p>\n\n\n\n<p><br><strong>Barbara Robakiewicz<\/strong> \u2013 polonistka i pedagog, by\u0142y dyrektor szko\u0142y, urz\u0119dnik samorz\u0105dowy, Przewodnicz\u0105ca Rady Fundacji<br><strong>Gra\u017cyna Kornet<\/strong> &#8211; mgr pedagogiki specjalnej, wieloletni wsp\u00f3\u0142pracownik STO i Fundacji \u201eRodzice Szkole\u201d<br><strong>prof. dr hab. nauk pedagogicznych El\u017cbieta Putkiewicz<\/strong> &#8211; profesor Uniwersytetu Warszawskiego, ekspert Instytutu Spraw Publicznych<br><strong>Wojciech Arkuszewski<\/strong> \u2013 pose\u0142 na Sejm I, II i III kadencji, szef Gabinetu Politycznego Premiera Jerzego Buzka<br><strong>prof. dr hab. Antoni Kami\u0144ski<\/strong> \u2013 socjolog, cz\u0142onek Narodowej Rady Rozwoju, Przewodnicz\u0105cy Kuratorium Fundacji Konkursu Pro Publico Bono<br><strong>prof. dr hab. Mieczys\u0142aw Ozorowski<\/strong> \u2013 Dziekan Wydzia\u0142u Studi\u00f3w nad Rodzin\u0105 UKSW<br><strong>prof. dr hab. Andrzej Wa\u015bko<\/strong> \u2013 profesor Uniwersytetu Jagiello\u0144skiego, Doradca Prezydenta RP Andrzeja Dudy.<\/p>\n\n\n\n<p><br>Organizujemy na terenie ca\u0142ego kraju szkolenia dla rodzic\u00f3w, nauczycieli i\u00a0dyrektor\u00f3w publicznych szk\u00f3\u0142 i plac\u00f3wek o\u015bwiatowych.<\/p>\n\n\n\n<p>Udzielamy konsultacji i porad     prawnych rodzicom i radom rodzic\u00f3w.<\/p>\n\n\n\n<p>Prowadzimy witryn\u0119 internetow\u0105, d\u0105\u017c\u0105c do przekszta\u0142cenia jej w portal spo\u0142eczno\u015bciowo &#8211; edukacyjny i internetow\u0105 gazet\u0119 dla rodzic\u00f3w.<\/p>\n\n\n\n<p>Tworzymy platform\u0119 sta\u0142ej     debaty i wsp\u00f3\u0142pracy rad rodzic\u00f3w i stowarzysze\u0144 rodzicielskich.<\/p>\n\n\n\n<p>Realizacja powy\u017cszych zada\u0144 wymaga zgromadzenia niezb\u0119dnych \u015brodk\u00f3w finansowych, o kt\u00f3re zwracamy si\u0119 do \u017cyczliwych darczy\u0144c\u00f3w.<\/p>\n\n\n\n<p>Ofiarodawcom przyznajemy tytu\u0142y: \u201ePrzyjaciela Fundacji\u201d i \u201eDarczy\u0144cy Fundacji\u201d oraz zapewniamy promocj\u0119 Ich firm w materia\u0142ach Fundacji, kierowanych do tysi\u0119cy szk\u00f3\u0142 i setek tysi\u0119cy rodzic\u00f3w, nauczycieli, samorz\u0105dowc\u00f3w i uczni\u00f3w.<\/p>\n\n\n\n<p>Zarz\u0105d Fundacji &#8220;Rodzice Szkole&#8221;<\/p>\n\n\n\n<h4 class=\"wp-block-heading\">Sponsorami, kt\u00f3rym serdecznie dzi\u0119kujemy za wsparcie w ostatnich latach, zostali:<\/h4>\n\n\n\n<p><strong>w roku 2019<\/strong><\/p>\n\n\n\n<p>Fundacja PKO BP.<\/p>\n\n\n\n<figure class=\"wp-block-image is-resized\"><img loading=\"lazy\" decoding=\"async\" src=\"http:\/\/rodziceszkole.edu.pl\/wp-content\/uploads\/2020\/01\/pko_logo_fundacja.gif\" alt=\"\" width=\"156\" height=\"53\"\/><\/figure>\n\n\n\n<p><strong>w roku 2018\/19<\/strong><\/p>\n\n\n\n<p>Narodowy Instytut Wolno\u015bci<\/p>\n\n\n\n<figure class=\"wp-block-image is-resized\"><img loading=\"lazy\" decoding=\"async\" src=\"http:\/\/rodziceszkole.edu.pl\/wp-content\/uploads\/2020\/01\/pobrane-1.png\" alt=\"\" width=\"317\" height=\"62\"\/><\/figure>\n\n\n\n<p>Narodowy Bank Polski<\/p>\n\n\n\n<figure class=\"wp-block-image is-resized\"><img loading=\"lazy\" decoding=\"async\" src=\"\/wp-content\/uploads\/2020\/01\/nbp.jpg\" alt=\"\" width=\"319\" height=\"67\"\/><\/figure>\n\n\n\n<p><strong>w roku 2018<\/strong><\/p>\n\n\n\n<p>Narodowe Centrum Kultury<\/p>\n\n\n\n<figure class=\"wp-block-image is-resized\"><img loading=\"lazy\" decoding=\"async\" src=\"http:\/\/rodziceszkole.edu.pl\/wp-content\/uploads\/2020\/01\/nck.png\" alt=\"\" width=\"178\" height=\"102\"\/><\/figure>\n\n\n\n<p>Program Niepodleg\u0142a<\/p>\n\n\n\n<figure class=\"wp-block-image is-resized\"><img loading=\"lazy\" decoding=\"async\" src=\"http:\/\/rodziceszkole.edu.pl\/wp-content\/uploads\/2020\/01\/pobrane-1.jpg\" alt=\"\" width=\"319\" height=\"94\"\/><\/figure>\n\n\n\n<p><strong>w roku 2016\/17<\/strong><\/p>\n\n\n\n<p>Narodowe Centrum Kultury<\/p>\n\n\n\n<figure class=\"wp-block-image is-resized\"><img loading=\"lazy\" decoding=\"async\" src=\"http:\/\/rodziceszkole.edu.pl\/wp-content\/uploads\/2020\/01\/nck.png\" alt=\"\" width=\"208\" height=\"119\"\/><\/figure>\n\n\n\n<p><strong>w roku 2015<\/strong><\/p>\n\n\n\n<p>Bank Pocztowy S.A.<\/p>\n\n\n\n<figure class=\"wp-block-image is-resized\"><img loading=\"lazy\" decoding=\"async\" src=\"\/wp-content\/uploads\/2019\/10\/pocztowy.jpg\" alt=\"\" width=\"195\" height=\"94\"\/><\/figure>\n\n\n\n<p><strong>w roku 2014<\/strong><\/p>\n\n\n\n<p>Bank Pocztowy S.A.<\/p>\n\n\n\n<figure class=\"wp-block-image is-resized\"><img loading=\"lazy\" decoding=\"async\" src=\"\/wp-content\/uploads\/2019\/10\/pocztowy.jpg\" alt=\"\" width=\"214\" height=\"103\"\/><\/figure>\n\n\n\n<p>STUDIO Q sp. z o.o.<\/p>\n\n\n\n<figure class=\"wp-block-image is-resized\"><img loading=\"lazy\" decoding=\"async\" src=\"\/wp-content\/uploads\/2019\/10\/qst.jpg\" alt=\"\" width=\"214\" height=\"93\"\/><\/figure>\n\n\n\n<p>PCG Polska Sp. z o.o.<\/p>\n\n\n\n<figure class=\"wp-block-image is-resized\"><img loading=\"lazy\" decoding=\"async\" src=\"\/wp-content\/uploads\/2019\/10\/pcg.jpg\" alt=\"\" width=\"165\" height=\"127\"\/><\/figure>\n\n\n\n<p><strong>w roku 2013<\/strong><\/p>\n\n\n\n<p>PKO Bank Polski<\/p>\n\n\n\n<figure class=\"wp-block-image\"><img decoding=\"async\" src=\"\/wp-content\/uploads\/2019\/10\/pko.jpg\" alt=\"\"\/><\/figure>\n\n\n\n<p>Bank Pocztowy<\/p>\n\n\n\n<figure class=\"wp-block-image is-resized\"><img loading=\"lazy\" decoding=\"async\" src=\"\/wp-content\/uploads\/2019\/10\/bank-pocztowy-logo.jpg\" alt=\"\" width=\"247\" height=\"169\"\/><\/figure>\n\n\n\n<p>Konsalnet<\/p>\n\n\n\n<figure class=\"wp-block-image is-resized\"><img loading=\"lazy\" decoding=\"async\" src=\"\/wp-content\/uploads\/2019\/10\/xxxx.jpg\" alt=\"\" width=\"241\" height=\"34\"\/><\/figure>\n\n\n\n<p><strong>Darczy\u0144ca Fundacji<\/strong><\/p>\n\n\n\n<p>Osoby fizyczne i prawne, kt\u00f3re dokonaj\u0105 w ci\u0105gu 12 kolejnych miesi\u0119cy na rzecz Fundacji darowizny jednorazowej, lub \u0142\u0105cznej w wysoko\u015bci r\u00f3wnej co najmniej 10&nbsp;000 PLN mog\u0105 uzyska\u0107 tytu\u0142 \u201eDarczy\u0144ca Fundacji\u201d<\/p>\n\n\n\n<p><em>(\u00a7 5 ust 5 statutu Fundacji \u201eRodzice Szkole\u201d)<\/em><\/p>\n\n\n\n<p>W roku  2012 tytu\u0142 \u201eDarczy\u0144ca Fundacji\u201d otrzyma\u0142<\/p>\n\n\n\n<p><strong>Bank Pocztowy SA<\/strong><\/p>\n\n\n\n<p>W roku  2013 tytu\u0142 \u201eDarczy\u0144ca Fundacji\u201d otrzyma\u0142<\/p>\n\n\n\n<p><strong>Konsalnet Holding SA<\/strong><br><\/p>\n\n\n\n<h3 class=\"wp-block-heading\">Odliczenia darowizn<\/h3>\n\n\n\n<p>Prawo  podatkowe, zgodnie z art.26 ust.1 pkt 9, ust.6b, ust.6e i ust.7 pkt 2  ustawy o podatku dochodowym od os\u00f3b fizycznych, zezwala na  po\u00admniejszenie dochodu z tytu\u0142u darowizn przekazanych na cele:<\/p>\n\n\n\n<p><em>okre\u015blone  w art. 4 ustawy o dzia\u0142al\u00adno\u015bci po\u017cytku publicznego, upraw\u00adnionym na  mocy tej ustawy organiza\u00adcjom, o kt\u00f3rych mowa w art.3 ust.2 i ust.3 tej  ustawy, prowadz\u0105cym dzia\u0142alno\u015b\u0107 po\u00ad\u017cytku publicznego w sferze zada\u0144  publicznych okre\u015blonych w tej usta\u00adwie, realizuj\u0105cym te cele, w  wysoko\u015bci dokonanej darowizny, nie wi\u0119cej jednak ni\u017c kwota stanowi\u0105ca <\/em><em><strong>6%<\/strong><\/em><em> dochodu,<\/em><\/p>\n\n\n\n<p>Powy\u017cej wymieniony zapis dotyczy os\u00f3b fizycznych, kt\u00f3re dokona\u0142yby wp\u0142aty na konto Fundacji.<\/p>\n\n\n\n<p>Osoby prawne dokonuj\u0105 odlicze\u0144 na podstawie:<\/p>\n\n\n\n<p>art.18  ust.1 pkt1 ustawy o podatku dochodowym od os\u00f3b prawnych, kt\u00f3ry  zezwala  na po\u00admniejszenie dochodu z tytu\u0142u darowizn przekazanych na cele:<\/p>\n\n\n\n<p><em>okre\u015blone  w art. 4 ustawy o dzia\u0142al\u00adno\u015bci po\u017cytku publicznego, upraw\u00adnionym na  mocy tej ustawy organiza\u00adcjom, o kt\u00f3rych mowa w art.3 ust.2 i ust.3 tej  ustawy, prowadz\u0105cym dzia\u0142alno\u015b\u0107 po\u00ad\u017cytku publicznego w sferze zada\u0144  publicznych okre\u015blonych w tej usta\u00adwie, realizuj\u0105cym te cele, w  wysoko\u015bci dokonanej darowizny, nie wi\u0119cej jednak ni\u017c kwota stanowi\u0105ca <\/em><em><strong>10%<\/strong><\/em><em> dochodu.<\/em><\/p>\n\n\n\n<p>Podatnicy korzystaj\u0105cy z odliczenia darowizn s\u0105 zobowi\u0105zani wykaza\u0107 w rocz\u00adnym zeznaniu podatkowym:<\/p>\n\n\n\n<p>\u2022 kwot\u0119 przekazanej darowizny,<\/p>\n\n\n\n<p>\u2022 kwot\u0119 dokonanego odliczenia,<\/p>\n\n\n\n<p>\u2022 dane pozwalaj\u0105ce na identyfikacj\u0119 ob\u00addarowanego (np. jego nazw\u0119 , adres, NIP).<\/p>\n\n\n\n<p><br>Odliczenie   stosuje si\u0119, je\u017celi wysoko\u015b\u0107 darowizny jest udokumentowana dowodem  wp\u0142aty na rachunek bankowy obdarowanego, a w przypadku darowizny innej  ni\u017c pieni\u0119\u017cna &#8211; dokumentem, z kt\u00f3rego wynika warto\u015b\u0107 tej darowizny, oraz  o\u015bwiadczeniem obdarowanego o jej przyj\u0119ciu.<\/p>","protected":false},"excerpt":{"rendered":"<p>Je\u015bli podobnie jak my, uwa\u017casz \u017ce: polityka o\u015bwiatowa powinna s\u0142u\u017cy\u0107 rodzinie, w szkole musz\u0105 by\u0107 respektowane prawa rodzic\u00f3w, warunkiem zbudowania o\u015bwiaty na miar\u0119 wyzwa\u0144 XXI wieku<span class=\"excerpt-hellip\"> [\u2026]<\/span><\/p>\n","protected":false},"author":6,"featured_media":0,"parent":0,"menu_order":0,"comment_status":"open","ping_status":"closed","template":"","meta":{"footnotes":""},"class_list":["post-1135","page","type-page","status-publish","hentry"],"_links":{"self":[{"href":"https:\/\/rodziceszkole.edu.pl\/en\/wp-json\/wp\/v2\/pages\/1135","targetHints":{"allow":["GET"]}}],"collection":[{"href":"https:\/\/rodziceszkole.edu.pl\/en\/wp-json\/wp\/v2\/pages"}],"about":[{"href":"https:\/\/rodziceszkole.edu.pl\/en\/wp-json\/wp\/v2\/types\/page"}],"author":[{"embeddable":true,"href":"https:\/\/rodziceszkole.edu.pl\/en\/wp-json\/wp\/v2\/users\/6"}],"replies":[{"embeddable":true,"href":"https:\/\/rodziceszkole.edu.pl\/en\/wp-json\/wp\/v2\/comments?post=1135"}],"version-history":[{"count":2,"href":"https:\/\/rodziceszkole.edu.pl\/en\/wp-json\/wp\/v2\/pages\/1135\/revisions"}],"predecessor-version":[{"id":1863,"href":"https:\/\/rodziceszkole.edu.pl\/en\/wp-json\/wp\/v2\/pages\/1135\/revisions\/1863"}],"wp:attachment":[{"href":"https:\/\/rodziceszkole.edu.pl\/en\/wp-json\/wp\/v2\/media?parent=1135"}],"curies":[{"name":"wp","href":"https:\/\/api.w.org\/{rel}","templated":true}]}}